{"id":89,"date":"2022-08-29T17:09:09","date_gmt":"2022-08-29T15:09:09","guid":{"rendered":"http:\/\/consylium.net\/?page_id=89"},"modified":"2022-09-20T17:59:59","modified_gmt":"2022-09-20T15:59:59","slug":"a-propos-de","status":"publish","type":"page","link":"https:\/\/consylium.net\/index.php\/a-propos-de\/","title":{"rendered":"Qui suis-je ?"},"content":{"rendered":"\n<div class=\"wp-block-columns is-layout-flex wp-container-core-columns-is-layout-9d6595d7 wp-block-columns-is-layout-flex\">\n<div class=\"wp-block-column is-layout-flow wp-block-column-is-layout-flow\">\n<p><a href=\"https:\/\/www.linkedin.com\/in\/claire-marty-68643358\/\">Claire Marty | LinkedIn<\/a><\/p>\n\n\n\n<p>Apr\u00e8s un parcours multiple, et une exp\u00e9rience principale de 18 ans comme consultante RH dans un cabinet de conseil RH renomm\u00e9, j\u2019ai d\u00e9cid\u00e9 de \u00ab\u00a0voler de mes propres ailes\u00a0\u00bb.<\/p>\n<\/div>\n\n\n\n<div class=\"wp-block-column is-layout-flow wp-block-column-is-layout-flow\">\n<figure class=\"wp-block-image size-large is-resized\"><img loading=\"lazy\" decoding=\"async\" src=\"https:\/\/consylium.net\/wp-content\/uploads\/2022\/09\/Claire-19-768x1024.jpg\" alt=\"\" class=\"wp-image-306\" width=\"133\" height=\"177\" srcset=\"https:\/\/consylium.net\/wp-content\/uploads\/2022\/09\/Claire-19-768x1024.jpg 768w, https:\/\/consylium.net\/wp-content\/uploads\/2022\/09\/Claire-19-225x300.jpg 225w, https:\/\/consylium.net\/wp-content\/uploads\/2022\/09\/Claire-19-1152x1536.jpg 1152w, https:\/\/consylium.net\/wp-content\/uploads\/2022\/09\/Claire-19-1536x2048.jpg 1536w, https:\/\/consylium.net\/wp-content\/uploads\/2022\/09\/Claire-19.jpg 1867w\" sizes=\"auto, (max-width: 133px) 100vw, 133px\" \/><\/figure>\n<\/div>\n<\/div>\n\n\n\n<p class=\"has-text-align-left\">L\u2019accompagnement des Hommes et des Organisations reste bien entendu au c\u0153ur de mes pr\u00e9occupations\u00a0; si je souhaite continuer \u00e0 aider les entreprises dans leurs probl\u00e9matiques RH comme le recrutement, l\u2019\u00e9valuation de potentiel, la mobilit\u00e9 interne-externe, la formation, j\u2019ai par ailleurs cherch\u00e9 \u00e0 faire \u00e9voluer mes pratiques sur l\u2019accompagnement des individus. Apr\u00e8s 18 ans de r\u00e9alisation de bilans de comp\u00e9tences, bilans professionnels, reclassements, j\u2019ai voulu apporter une autre forme de soutien aux nombreuses probl\u00e9matiques professionnelles que j\u2019ai pu rencontrer, et me suis form\u00e9e \u00e0 l\u2019Hypnose Ericksonienne.<\/p>\n\n\n\n<p class=\"has-text-align-left\">C\u2019est dans ce double esprit que j\u2019ai cr\u00e9\u00e9 Consylium. <\/p>\n\n\n\n<p><\/p>\n","protected":false},"excerpt":{"rendered":"<p>Claire Marty | LinkedIn Apr\u00e8s un parcours multiple, et une exp\u00e9rience principale de 18 ans comme consultante RH dans un cabinet de conseil RH renomm\u00e9, j\u2019ai d\u00e9cid\u00e9 de \u00ab\u00a0voler de mes propres ailes\u00a0\u00bb. L\u2019accompagnement des Hommes et des Organisations reste bien entendu au c\u0153ur de mes pr\u00e9occupations\u00a0; si je souhaite continuer \u00e0 aider les entreprises &hellip; <\/p>\n<p class=\"link-more\"><a href=\"https:\/\/consylium.net\/index.php\/a-propos-de\/\" class=\"more-link\">Continuer la lecture<span class=\"screen-reader-text\"> de &laquo;&nbsp;Qui suis-je ?&nbsp;&raquo;<\/span><\/a><\/p>\n","protected":false},"author":1,"featured_media":157,"parent":0,"menu_order":0,"comment_status":"closed","ping_status":"closed","template":"","meta":{"footnotes":""},"class_list":["post-89","page","type-page","status-publish","has-post-thumbnail","hentry"],"_links":{"self":[{"href":"https:\/\/consylium.net\/index.php\/wp-json\/wp\/v2\/pages\/89","targetHints":{"allow":["GET"]}}],"collection":[{"href":"https:\/\/consylium.net\/index.php\/wp-json\/wp\/v2\/pages"}],"about":[{"href":"https:\/\/consylium.net\/index.php\/wp-json\/wp\/v2\/types\/page"}],"author":[{"embeddable":true,"href":"https:\/\/consylium.net\/index.php\/wp-json\/wp\/v2\/users\/1"}],"replies":[{"embeddable":true,"href":"https:\/\/consylium.net\/index.php\/wp-json\/wp\/v2\/comments?post=89"}],"version-history":[{"count":11,"href":"https:\/\/consylium.net\/index.php\/wp-json\/wp\/v2\/pages\/89\/revisions"}],"predecessor-version":[{"id":452,"href":"https:\/\/consylium.net\/index.php\/wp-json\/wp\/v2\/pages\/89\/revisions\/452"}],"wp:featuredmedia":[{"embeddable":true,"href":"https:\/\/consylium.net\/index.php\/wp-json\/wp\/v2\/media\/157"}],"wp:attachment":[{"href":"https:\/\/consylium.net\/index.php\/wp-json\/wp\/v2\/media?parent=89"}],"curies":[{"name":"wp","href":"https:\/\/api.w.org\/{rel}","templated":true}]}}